{"id":454,"date":"2022-06-11T12:22:17","date_gmt":"2022-06-11T12:22:17","guid":{"rendered":"https:\/\/www.eyuboglu.av.tr\/?page_id=454"},"modified":"2022-12-09T14:35:31","modified_gmt":"2022-12-09T14:35:31","slug":"sunuslar","status":"publish","type":"page","link":"https:\/\/www.eyuboglu.av.tr\/en\/sunuslar\/","title":{"rendered":"Presentations"},"content":{"rendered":"<div data-elementor-type=\"wp-page\" data-elementor-id=\"454\" class=\"elementor elementor-454\">\n\t\t\t\t\t\t\t\t\t<section class=\"elementor-section elementor-top-section elementor-element elementor-element-f359c91 elementor-section-boxed elementor-section-height-default elementor-section-height-default\" data-id=\"f359c91\" data-element_type=\"section\" data-settings=\"{&quot;background_background&quot;:&quot;classic&quot;,&quot;animation&quot;:&quot;none&quot;}\">\n\t\t\t\t\t\t<div class=\"elementor-container elementor-column-gap-default\">\n\t\t\t\t\t<div class=\"elementor-column elementor-col-100 elementor-top-column elementor-element elementor-element-8520f7f\" data-id=\"8520f7f\" data-element_type=\"column\" data-settings=\"{&quot;background_background&quot;:&quot;classic&quot;}\">\n\t\t\t<div class=\"elementor-widget-wrap elementor-element-populated\">\n\t\t\t\t\t\t\t\t<div class=\"elementor-element elementor-element-92b711e elementor-widget elementor-widget-elementskit-heading\" data-id=\"92b711e\" data-element_type=\"widget\" data-widget_type=\"elementskit-heading.default\">\n\t\t\t\t<div class=\"elementor-widget-container\">\n\t\t\t<div class=\"ekit-wid-con\" ><div class=\"ekit-heading elementskit-section-title-wraper text_left   ekit_heading_tablet-   ekit_heading_mobile-\"><h2 class=\"ekit-heading--title elementskit-section-title\">\n\t\t\t\t\tPresentations\n\t\t\t\t<\/h2><div class=\"ekit_heading_separetor_wraper ekit_heading_elementskit-border-divider\"><div class=\"elementskit-border-divider\"><\/div><\/div><\/div><\/div>\t\t<\/div>\n\t\t\t\t<\/div>\n\t\t\t\t\t<\/div>\n\t\t<\/div>\n\t\t\t\t\t\t\t<\/div>\n\t\t<\/section>\n\t\t\t\t<section class=\"elementor-section elementor-top-section elementor-element elementor-element-afec110 elementor-section-boxed elementor-section-height-default elementor-section-height-default\" data-id=\"afec110\" data-element_type=\"section\">\n\t\t\t\t\t\t<div class=\"elementor-container elementor-column-gap-default\">\n\t\t\t\t\t<div class=\"elementor-column elementor-col-100 elementor-top-column elementor-element elementor-element-a27f816\" data-id=\"a27f816\" data-element_type=\"column\">\n\t\t\t<div class=\"elementor-widget-wrap elementor-element-populated\">\n\t\t\t\t\t\t\t\t<div class=\"elementor-element elementor-element-bc24bb6 elementor-widget elementor-widget-elementskit-blog-posts\" data-id=\"bc24bb6\" data-element_type=\"widget\" data-widget_type=\"elementskit-blog-posts.default\">\n\t\t\t\t<div class=\"elementor-widget-container\">\n\t\t\t<div class=\"ekit-wid-con\" >        <div id=\"post-items--bc24bb6\" class=\"row post-items\">\n                    <div class=\"col-md-12\">\n\n                                    <div class=\"elementskit-blog-block-post\">\n                        <div class=\"row no-gutters\">\n                            \n                            <div class=\"col-md-12 order-2\">\n                                <div class=\"elementskit-post-body\">\n                                    <div class=\"elementskit-entry-header\">\n                                        \n                                                                                            \t\t\t\t\t                                            \n                                            \n                                                                                            \t\t\t\t<h2 class=\"entry-title\">\n\t\t\t\t\t<a href=\"https:\/\/www.eyuboglu.av.tr\/en\/taninmis-marka-kavrami-turkiyede-ve-yurtdisinda-taninmis-marka-uygulamalari\/\">\n\t\t\t\t\t\tTan\u0131nm\u0131\u015f Marka Kavram\u0131, T\u00fcrkiye\u2019de Ve Yurtd\u0131\u015f\u0131nda Tan\u0131nm\u0131\u015f Marka Uygulamalar\u0131\t\t\t\t\t<\/a>\n\t\t\t\t<\/h2>\n\t\t\t                                                                                <\/div><!-- .elementskit-entry-header END -->\n\n                                                                            <div class=\"elementskit-post-footer\">\n                                                                                            <p>TANINMI\u015e MARKA KAVRAMI, T\u00dcRK\u0130YE\u2019DE VE YURTDI\u015eINDA TANINMI\u015e MARKA UYGULAMALARI Marka tescili, marka uygulamalar ve markan\u0131n tan\u0131nm\u0131\u015fl\u0131\u011f\u0131 \u00f6nemli bir kavram olarak y\u0131llard\u0131r tart\u0131\u015f\u0131lmaktad\u0131r. Bug\u00fcn \u00fclkemizde y\u00fcr\u00fcrl\u00fckte olan ulusal ve uluslararas\u0131 mevzuat kapsam\u0131nda tan\u0131nm\u0131\u015f markalarla ilgili h\u00fck\u00fcmler s\u0131k\u00e7a tart\u0131\u015f\u0131lmaktad\u0131r. \u00d6zellikle Paris S\u00f6zle\u015fmesi ve bu S\u00f6zle\u015fme ile benimsenen h\u00fck\u00fcmleri yorumlay\u0131p geni\u015fleten D\u00fcnya Ticaret \u00d6rg\u00fct\u00fc (DT\u00d6) Kurulu\u015f Anla\u015fmas\u0131n\u0131n eki [&hellip;]<\/p>\n                                                                                                                                <\/div><!-- .elementskit-post-footer END -->\n                                                                    <\/div><!-- .elementskit-post-body END -->\n                            <\/div>\n                        <\/div>\n                    <\/div><!-- .elementskit-blog-block-post .radius .gradient-bg END -->\n                \n            <\/div>\n                    <div class=\"col-md-12\">\n\n                                    <div class=\"elementskit-blog-block-post\">\n                        <div class=\"row no-gutters\">\n                            \n                            <div class=\"col-md-12 order-2\">\n                                <div class=\"elementskit-post-body\">\n                                    <div class=\"elementskit-entry-header\">\n                                        \n                                                                                            \t\t\t\t\t                                            \n                                            \n                                                                                            \t\t\t\t<h2 class=\"entry-title\">\n\t\t\t\t\t<a href=\"https:\/\/www.eyuboglu.av.tr\/en\/markalarin-uluslararasi-tescili\/\">\n\t\t\t\t\t\tMarkalar\u0131n Uluslararas\u0131 Tescili\t\t\t\t\t<\/a>\n\t\t\t\t<\/h2>\n\t\t\t                                                                                <\/div><!-- .elementskit-entry-header END -->\n\n                                                                            <div class=\"elementskit-post-footer\">\n                                                                                            <p>MARKALARIN ULUSLARARASI TESC\u0130L\u0130 \u00a0\u00a0 EYUBO\u011eLU AVUKATLIK B\u00dcROSU \u00a02020-2021 Y\u0131l\u0131 Avukatl\u0131k Staj \u00d6devi \u00a0MADR\u0130D PROTOKOL\u00dc UYARINCA MARKALARIN ULUSLARARASI TESC\u0130L\u0130 \u00a0\u00a0Av. Aytin Arzum DEM\u0130REL \u00a0\u00a0 MADR\u0130D PROTOKOL\u00dc UYARINCA MARKALARIN ULUSLARARASI TESC\u0130L\u0130 Markalar\u0131n korunmas\u0131nda m\u00fclkilik ilkesi hakimdir. Bu ilke uyar\u0131nca, bir marka tescil edildi\u011fi \u00fclke ile s\u0131n\u0131rl\u0131 bir korumaya sahiptir. Bunun sonucunda birden fazla \u00fclkede markas\u0131n\u0131n korunmas\u0131 isteminde [&hellip;]<\/p>\n                                                                                                                                <\/div><!-- .elementskit-post-footer END -->\n                                                                    <\/div><!-- .elementskit-post-body END -->\n                            <\/div>\n                        <\/div>\n                    <\/div><!-- .elementskit-blog-block-post .radius .gradient-bg END -->\n                \n            <\/div>\n                    <div class=\"col-md-12\">\n\n                                    <div class=\"elementskit-blog-block-post\">\n                        <div class=\"row no-gutters\">\n                            \n                            <div class=\"col-md-12 order-2\">\n                                <div class=\"elementskit-post-body\">\n                                    <div class=\"elementskit-entry-header\">\n                                        \n                                                                                            \t\t\t\t\t                                            \n                                            \n                                                                                            \t\t\t\t<h2 class=\"entry-title\">\n\t\t\t\t\t<a href=\"https:\/\/www.eyuboglu.av.tr\/en\/marka-sahibinin-haklari-tecavuz-halleri-ve-markanin-hukumsuzlugu\/\">\n\t\t\t\t\t\tMarka Sahibinin Haklar\u0131, Tecav\u00fcz Halleri ve Markan\u0131n H\u00fck\u00fcms\u00fczl\u00fc\u011f\u00fc\t\t\t\t\t<\/a>\n\t\t\t\t<\/h2>\n\t\t\t                                                                                <\/div><!-- .elementskit-entry-header END -->\n\n                                                                            <div class=\"elementskit-post-footer\">\n                                                                                            <p>MARKA SAH\u0130B\u0130N\u0130N HAKLARI, TECAV\u00dcZ HALLER\u0130 VE MARKANIN H\u00dcK\u00dcMS\u00dcZL\u00dc\u011e\u00dc \u00d6ZET \u00dcretim ve ticarette marka kullan\u0131m\u0131 ka\u00e7\u0131n\u0131lmazd\u0131r. \u0130\u00e7 ve d\u0131\u015f pazarlarda kullan\u0131lan markalar\u0131n bir k\u0131sm\u0131 tescilli iken bir k\u0131sm\u0131 da tescilsizdir. Kullan\u0131lan markalar\u0131n baz\u0131lar\u0131 da tescil ba\u015fvurusu yap\u0131lm\u0131\u015f ve i\u015flemleri devam eden markalard\u0131r. Her \u00fc\u00e7 halde de marka sahibinin mevzuattan do\u011fan haklar\u0131 ve bu haklar\u0131 ba\u015fkalar\u0131na kar\u015f\u0131 [&hellip;]<\/p>\n                                                                                                                                <\/div><!-- .elementskit-post-footer END -->\n                                                                    <\/div><!-- .elementskit-post-body END -->\n                            <\/div>\n                        <\/div>\n                    <\/div><!-- .elementskit-blog-block-post .radius .gradient-bg END -->\n                \n            <\/div>\n                    <div class=\"col-md-12\">\n\n                                    <div class=\"elementskit-blog-block-post\">\n                        <div class=\"row no-gutters\">\n                            \n                            <div class=\"col-md-12 order-2\">\n                                <div class=\"elementskit-post-body\">\n                                    <div class=\"elementskit-entry-header\">\n                                        \n                                                                                            \t\t\t\t\t                                            \n                                            \n                                                                                            \t\t\t\t<h2 class=\"entry-title\">\n\t\t\t\t\t<a href=\"https:\/\/www.eyuboglu.av.tr\/en\/patent-ve-faydali-model-belgelerinin-hukumsuzlugu-ve-tecavuz-halleri\/\">\n\t\t\t\t\t\tINVALIDITY OF THE PATENT VE UTILITY MODEL CERTIFICATES AND CIRCUMSTANCES OF INFRINGEMENT\t\t\t\t\t<\/a>\n\t\t\t\t<\/h2>\n\t\t\t                                                                                <\/div><!-- .elementskit-entry-header END -->\n\n                                                                            <div class=\"elementskit-post-footer\">\n                                                                                            <p>Any patent or utility model application is filed by submitting, abstract, description, claims including the elements for which the protection is requested and if any, the drawings, attached to the petition filled properly and signed, to Turkish Patent Institute. If there are no deficiencies with respect to formal requirements, the application is under process since this stage.\nIf the said application is utility model application, upon the demand of application holder for early publication, the application is published immediately or after 18 months from the application (if any, from the priority date) and is opened to oppositions of the third parties. The application holder can change the description and claims of the said application before the certificate is granted, with the condition not to exceed (not to widen)the first scope of the application..[\u2026]<\/p>\n                                                                                                                                <\/div><!-- .elementskit-post-footer END -->\n                                                                    <\/div><!-- .elementskit-post-body END -->\n                            <\/div>\n                        <\/div>\n                    <\/div><!-- .elementskit-blog-block-post .radius .gradient-bg END -->\n                \n            <\/div>\n                    <div class=\"col-md-12\">\n\n                                    <div class=\"elementskit-blog-block-post\">\n                        <div class=\"row no-gutters\">\n                            \n                            <div class=\"col-md-12 order-2\">\n                                <div class=\"elementskit-post-body\">\n                                    <div class=\"elementskit-entry-header\">\n                                        \n                                                                                            \t\t\t\t\t                                            \n                                            \n                                                                                            \t\t\t\t<h2 class=\"entry-title\">\n\t\t\t\t\t<a href=\"https:\/\/www.eyuboglu.av.tr\/en\/londra-raporlari\/\">\n\t\t\t\t\t\tLONDON REPORT\t\t\t\t\t<\/a>\n\t\t\t\t<\/h2>\n\t\t\t                                                                                <\/div><!-- .elementskit-entry-header END -->\n\n                                                                            <div class=\"elementskit-post-footer\">\n                                                                                            <p>INTERNATIONAL BAR ASSOCIATION (IBA)\n1-2 MARCH 2001, REPORT ABOUT WORLD WOMAN LAWYERS CONFERENCE\n\nAtt. Samiye EYUBO\u011eLU Att. Emine ERG\u00dcL\nAtt. Bur\u00e7e D\u00dcNDAR ARI\n\nINTRODUCTION:\n\nWe, Att. Samiye Eyubo\u011flu, Att. Emine Erg\u00fcl members of administrative board of Ankara Bar\nand Att. Bur\u00e7e D\u00fcndar Ar\u0131, Vice President of Ankara Bar Foreign Relations Comittee are charged to attend to the World Women Lawyers Conference which is arranged first time by International Bar Association (IBA) of which Ankara Bar is a corporate member. We thank to Presidency of Ankara Bar, for giving us an opportunity to be helpful for colleagues registered to our bar by approving us for this duty[\u2026]<\/p>\n                                                                                                                                <\/div><!-- .elementskit-post-footer END -->\n                                                                    <\/div><!-- .elementskit-post-body END -->\n                            <\/div>\n                        <\/div>\n                    <\/div><!-- .elementskit-blog-block-post .radius .gradient-bg END -->\n                \n            <\/div>\n                    <div class=\"col-md-12\">\n\n                                    <div class=\"elementskit-blog-block-post\">\n                        <div class=\"row no-gutters\">\n                            \n                            <div class=\"col-md-12 order-2\">\n                                <div class=\"elementskit-post-body\">\n                                    <div class=\"elementskit-entry-header\">\n                                        \n                                                                                            \t\t\t\t\t                                            \n                                            \n                                                                                            \t\t\t\t<h2 class=\"entry-title\">\n\t\t\t\t\t<a href=\"https:\/\/www.eyuboglu.av.tr\/en\/muvafakatname\/\">\n\t\t\t\t\t\tMuvafakatname\t\t\t\t\t<\/a>\n\t\t\t\t<\/h2>\n\t\t\t                                                                                <\/div><!-- .elementskit-entry-header END -->\n\n                                                                            <div class=\"elementskit-post-footer\">\n                                                                                            <p>EYUBO\u011eLU AVUKATLIK B\u00dcROSU 2018-2019 YILI AVUKATLIK STAJI \u00d6DEV\u0130 MUVAFAKATNAME Av. Turan KOCAKAYA 1 | S a y f a MUVAFAKATNAME \u201cLETTER OF CONSENT\u201d \u00d6Z Turan KOCAKAYA* 6769 Say\u0131l\u0131 S\u0131nai M\u00fclkiyet Kanunu (\u201cSMK\u201d) ile marka hukukumuza yeni bir uygulama alan\u0131 getiren muvafakatname, her yeni hukuki m\u00fcessese gibi bir\u00e7ok d\u00fc\u015f\u00fcn\u00fclmesi gereken \u015feyi de beraberinde getirmektedir. Mutlak ret [&hellip;]<\/p>\n                                                                                                                                <\/div><!-- .elementskit-post-footer END -->\n                                                                    <\/div><!-- .elementskit-post-body END -->\n                            <\/div>\n                        <\/div>\n                    <\/div><!-- .elementskit-blog-block-post .radius .gradient-bg END -->\n                \n            <\/div>\n                <\/div>\n       <\/div>\t\t<\/div>\n\t\t\t\t<\/div>\n\t\t\t\t\t<\/div>\n\t\t<\/div>\n\t\t\t\t\t\t\t<\/div>\n\t\t<\/section>\n\t\t\t\t\t\t\t<\/div>","protected":false},"excerpt":{"rendered":"<p>Sunu\u015flar Tan\u0131nm\u0131\u015f Marka Kavram\u0131, T\u00fcrkiye\u2019de Ve Yurtd\u0131\u015f\u0131nda Tan\u0131nm\u0131\u015f Marka Uygulamalar\u0131 TANINMI\u015e MARKA KAVRAMI, T\u00dcRK\u0130YE\u2019DE VE YURTDI\u015eINDA TANINMI\u015e MARKA UYGULAMALARI Marka tescili, marka uygulamalar ve markan\u0131n tan\u0131nm\u0131\u015fl\u0131\u011f\u0131 \u00f6nemli bir kavram olarak y\u0131llard\u0131r tart\u0131\u015f\u0131lmaktad\u0131r. Bug\u00fcn \u00fclkemizde y\u00fcr\u00fcrl\u00fckte olan ulusal ve uluslararas\u0131 mevzuat kapsam\u0131nda tan\u0131nm\u0131\u015f markalarla ilgili h\u00fck\u00fcmler s\u0131k\u00e7a tart\u0131\u015f\u0131lmaktad\u0131r. \u00d6zellikle Paris S\u00f6zle\u015fmesi ve bu S\u00f6zle\u015fme ile benimsenen [&hellip;]<\/p>","protected":false},"author":1,"featured_media":0,"parent":0,"menu_order":0,"comment_status":"closed","ping_status":"closed","template":"","meta":[],"_links":{"self":[{"href":"https:\/\/www.eyuboglu.av.tr\/en\/wp-json\/wp\/v2\/pages\/454"}],"collection":[{"href":"https:\/\/www.eyuboglu.av.tr\/en\/wp-json\/wp\/v2\/pages"}],"about":[{"href":"https:\/\/www.eyuboglu.av.tr\/en\/wp-json\/wp\/v2\/types\/page"}],"author":[{"embeddable":true,"href":"https:\/\/www.eyuboglu.av.tr\/en\/wp-json\/wp\/v2\/users\/1"}],"replies":[{"embeddable":true,"href":"https:\/\/www.eyuboglu.av.tr\/en\/wp-json\/wp\/v2\/comments?post=454"}],"version-history":[{"count":10,"href":"https:\/\/www.eyuboglu.av.tr\/en\/wp-json\/wp\/v2\/pages\/454\/revisions"}],"predecessor-version":[{"id":851,"href":"https:\/\/www.eyuboglu.av.tr\/en\/wp-json\/wp\/v2\/pages\/454\/revisions\/851"}],"wp:attachment":[{"href":"https:\/\/www.eyuboglu.av.tr\/en\/wp-json\/wp\/v2\/media?parent=454"}],"curies":[{"name":"wp","href":"https:\/\/api.w.org\/{rel}","templated":true}]}}