{"id":166,"date":"2022-06-08T11:05:56","date_gmt":"2022-06-08T11:05:56","guid":{"rendered":"https:\/\/www.eyuboglu.av.tr\/?page_id=166"},"modified":"2024-07-11T11:57:48","modified_gmt":"2024-07-11T08:57:48","slug":"makaleler","status":"publish","type":"page","link":"https:\/\/www.eyuboglu.av.tr\/en\/makaleler\/","title":{"rendered":"Articles"},"content":{"rendered":"<div data-elementor-type=\"wp-page\" data-elementor-id=\"166\" class=\"elementor elementor-166\">\n\t\t\t\t\t\t\t\t\t<section class=\"elementor-section elementor-top-section elementor-element elementor-element-f359c91 elementor-section-boxed elementor-section-height-default elementor-section-height-default\" data-id=\"f359c91\" data-element_type=\"section\" data-settings=\"{&quot;background_background&quot;:&quot;classic&quot;,&quot;animation&quot;:&quot;none&quot;}\">\n\t\t\t\t\t\t<div class=\"elementor-container elementor-column-gap-default\">\n\t\t\t\t\t<div class=\"elementor-column elementor-col-100 elementor-top-column elementor-element elementor-element-8520f7f\" data-id=\"8520f7f\" data-element_type=\"column\" data-settings=\"{&quot;background_background&quot;:&quot;classic&quot;}\">\n\t\t\t<div class=\"elementor-widget-wrap elementor-element-populated\">\n\t\t\t\t\t\t\t\t<div class=\"elementor-element elementor-element-92b711e elementor-widget elementor-widget-elementskit-heading\" data-id=\"92b711e\" data-element_type=\"widget\" data-widget_type=\"elementskit-heading.default\">\n\t\t\t\t<div class=\"elementor-widget-container\">\n\t\t\t<div class=\"ekit-wid-con\" ><div class=\"ekit-heading elementskit-section-title-wraper text_left   ekit_heading_tablet-   ekit_heading_mobile-\"><h2 class=\"ekit-heading--title elementskit-section-title\">\n\t\t\t\t\tArticles\n\t\t\t\t<\/h2><div class=\"ekit_heading_separetor_wraper ekit_heading_elementskit-border-divider\"><div class=\"elementskit-border-divider\"><\/div><\/div><\/div><\/div>\t\t<\/div>\n\t\t\t\t<\/div>\n\t\t\t\t\t<\/div>\n\t\t<\/div>\n\t\t\t\t\t\t\t<\/div>\n\t\t<\/section>\n\t\t\t\t<section class=\"elementor-section elementor-top-section elementor-element elementor-element-3a4a2fa elementor-section-boxed elementor-section-height-default elementor-section-height-default\" data-id=\"3a4a2fa\" data-element_type=\"section\">\n\t\t\t\t\t\t<div class=\"elementor-container elementor-column-gap-default\">\n\t\t\t\t\t<div class=\"elementor-column elementor-col-100 elementor-top-column elementor-element elementor-element-6f03dbe\" data-id=\"6f03dbe\" data-element_type=\"column\">\n\t\t\t<div class=\"elementor-widget-wrap elementor-element-populated\">\n\t\t\t\t\t\t\t\t<div class=\"elementor-element elementor-element-be0c054 elementor-grid-eael-col-1 elementor-grid-tablet-eael-col-2 elementor-grid-mobile-eael-col-1 elementor-widget elementor-widget-eael-post-grid\" data-id=\"be0c054\" data-element_type=\"widget\" data-settings=\"{&quot;eael_post_grid_columns&quot;:&quot;eael-col-1&quot;,&quot;eael_post_grid_columns_tablet&quot;:&quot;eael-col-2&quot;,&quot;eael_post_grid_columns_mobile&quot;:&quot;eael-col-1&quot;}\" data-widget_type=\"eael-post-grid.default\">\n\t\t\t\t<div class=\"elementor-widget-container\">\n\t\t\t<div id=\"eael-post-grid-be0c054\" class=\"eael-post-grid-container\">\n            <div class=\"eael-post-grid eael-post-appender eael-post-appender-be0c054 eael-post-grid-style-default\" data-layout-mode=\"masonry\"><article class=\"eael-grid-post eael-post-grid-column\" data-id=\"1116\">\n        <div class=\"eael-grid-post-holder\">\n            <div class=\"eael-grid-post-holder-inner\"><div class=\"eael-entry-wrapper\"><header class=\"eael-entry-header\"><h2 class=\"eael-entry-title\"><a\n                        class=\"eael-grid-post-link\"\n                        href=\"https:\/\/www.eyuboglu.av.tr\/en\/calisan-buluslarinda-zorunlu-tahkim\/\"\n                        title=\"\u00c7ALI\u015eAN BULU\u015eLARINDA ZORUNLU TAHK\u0130M\">\u00c7ALI\u015eAN BULU\u015eLARINDA ZORUNLU TAHK\u0130M<\/a><\/h2><\/header><div class=\"eael-entry-content\">\n                        <div class=\"eael-grid-post-excerpt\"><p>17.01.2017 tarihinde yay\u0131nlanarak y\u00fcr\u00fcrl\u00fc\u011fe giren 6769 say\u0131l\u0131 S\u0131nai M\u00fclkiyet Kanununun 115\/11 bendinde yer alan, \u201c\u00c7al\u0131\u015fan bulu\u015flar\u0131 ile ilgili bedel tarifesi ve uyu\u015fmazl\u0131k h\u00e2linde izlenecek tahkim usul\u00fc y\u00f6netmelikle belirlenir\u201d d\u00fczenlemesi ile, \u00e7al\u0131\u015fan bulu\u015flar\u0131 ile ilgili uyu\u015fmazl\u0131klar\u0131n ZORUNLU TAHK\u0130M yoluyla \u00e7\u00f6z\u00fclmesi gereklili\u011fi ortaya koyulmu\u015ftur. Maddede s\u00f6z edilen TAHK\u0130M usul\u00fc, 29.09.2017 tarihli Resmi Gazetede yay\u0131nlanan \u201c\u00c7al\u0131\u015fan Bulu\u015flar\u0131na, Y\u00fcksek\u00f6\u011fretim [&hellip;]<\/p><a\n                            href=\"https:\/\/www.eyuboglu.av.tr\/en\/calisan-buluslarinda-zorunlu-tahkim\/\"\n                            class=\"eael-post-elements-readmore-btn\">Devam\u0131<\/a><\/div>\n                    <\/div><\/div><\/div>\n        <\/div>\n    <\/article><article class=\"eael-grid-post eael-post-grid-column\" data-id=\"965\">\n        <div class=\"eael-grid-post-holder\">\n            <div class=\"eael-grid-post-holder-inner\"><div class=\"eael-entry-wrapper\"><header class=\"eael-entry-header\"><h2 class=\"eael-entry-title\"><a\n                        class=\"eael-grid-post-link\"\n                        href=\"https:\/\/www.eyuboglu.av.tr\/en\/nft-kavrami-ve-fikri-mulkiyet-hukuku-acisindan-degerlendirilmesi-2\/\"\n                        title=\"NFT KAVRAMI VE F\u0130KR\u0130 M\u00dcLK\u0130YET HUKUKU A\u00c7ISINDAN DE\u011eERLEND\u0130R\u0130LMES\u0130\">NFT KAVRAMI VE F\u0130KR\u0130 M\u00dcLK\u0130YET HUKUKU A\u00c7ISINDAN DE\u011eERLEND\u0130R\u0130LMES\u0130<\/a><\/h2><\/header><div class=\"eael-entry-content\">\n                        <div class=\"eael-grid-post-excerpt\"><p>NFT KAVRAMI VE F\u0130KR\u0130 M\u00dcLK\u0130YET HUKUKU A\u00c7ISINDAN DE\u011eERLEND\u0130R\u0130LMES\u0130 \u00a0\u00a0 STJ. AV. N\u0130DA ORAL \u00a0NFT KAVRAMI NFT (Non-Fungible Tokens) kavram\u0131, T\u00fcrk\u00e7e \u2019ye\u00a0misli olmayan kripto varl\u0131klar olarak \u00e7evrilmekte olup, Cumhurba\u015fkanl\u0131\u011f\u0131 Dijital D\u00f6n\u00fc\u015f\u00fcm Ofisi taraf\u0131ndan yap\u0131lan son a\u00e7\u0131klamada bu kavram\u0131n T\u00fcrk\u00e7e \u2019de \u201cNitelikli Fikr\u00ee Tapu\u201d olarak da kullan\u0131labilece\u011fi belirtilmi\u015ftir.[1] Geli\u015ftirilen \u00f6zel bir yaz\u0131l\u0131m protokol\u00fc (ERC 721)\u00a0ile sanal jetonlar\u0131n [&hellip;]<\/p><a\n                            href=\"https:\/\/www.eyuboglu.av.tr\/en\/nft-kavrami-ve-fikri-mulkiyet-hukuku-acisindan-degerlendirilmesi-2\/\"\n                            class=\"eael-post-elements-readmore-btn\">Devam\u0131<\/a><\/div>\n                    <\/div><\/div><\/div>\n        <\/div>\n    <\/article><article class=\"eael-grid-post eael-post-grid-column\" data-id=\"766\">\n        <div class=\"eael-grid-post-holder\">\n            <div class=\"eael-grid-post-holder-inner\"><div class=\"eael-entry-wrapper\"><header class=\"eael-entry-header\"><h2 class=\"eael-entry-title\"><a\n                        class=\"eael-grid-post-link\"\n                        href=\"https:\/\/www.eyuboglu.av.tr\/en\/patent-vekilligi-meslegi\/\"\n                        title=\"Patent Vekilli\u011fi Mesle\u011fi\">Patent Vekilli\u011fi Mesle\u011fi<\/a><\/h2><\/header><div class=\"eael-entry-content\">\n                        <div class=\"eael-grid-post-excerpt\"><p>PATENT VEK\u0130LL\u0130\u011e\u0130 MESLE\u011e\u0130 544 say\u0131l\u0131 T\u00fcrk Patent Enstit\u00fcs\u00fcn\u00fcn Kurulu\u015f ve G\u00f6revleri Hakk\u0131nda Kanun H\u00fckm\u00fcnde Kararnamenin kabul\u00fc, beraberinde yeni bir mesle\u011fin de kap\u0131lar\u0131n\u0131 a\u00e7m\u0131\u015ft\u0131r. Patent, Marka ve Tasar\u0131m Vekilli\u011fi. Patent ve Marka Vekilli\u011fi unvanlar\u0131, T\u00fcrk Patent Enstit\u00fcs\u00fcn\u00fcn kurulu\u015fundan bu yana, 544 say\u0131l\u0131 Kanun H\u00fckm\u00fcnde Kararnamede d\u00fczenledi\u011fi \u00fczere T\u00fcrk Patent Enstit\u00fcs\u00fc taraf\u0131ndan yap\u0131lan yaz\u0131l\u0131 s\u0131navla verilmektedir. &nbsp; [&hellip;]<\/p><a\n                            href=\"https:\/\/www.eyuboglu.av.tr\/en\/patent-vekilligi-meslegi\/\"\n                            class=\"eael-post-elements-readmore-btn\">Devam\u0131<\/a><\/div>\n                    <\/div><\/div><\/div>\n        <\/div>\n    <\/article><article class=\"eael-grid-post eael-post-grid-column\" data-id=\"764\">\n        <div class=\"eael-grid-post-holder\">\n            <div class=\"eael-grid-post-holder-inner\"><div class=\"eael-entry-wrapper\"><header class=\"eael-entry-header\"><h2 class=\"eael-entry-title\"><a\n                        class=\"eael-grid-post-link\"\n                        href=\"https:\/\/www.eyuboglu.av.tr\/en\/turk-hukukunda-yeni-kanun-yolu\/\"\n                        title=\"T\u00fcrk Hukukunda Yeni Kanun Yolu\">T\u00fcrk Hukukunda Yeni Kanun Yolu<\/a><\/h2><\/header><div class=\"eael-entry-content\">\n                        <div class=\"eael-grid-post-excerpt\"><p>T\u00dcRK HUKUKUNDA YEN\u0130 KANUN YOLU Davay\u0131 kaybettim. \u015eimdi ne yapaca\u011f\u0131m? Bug\u00fcne kadar dava aleyhine sonu\u00e7lanan taraf, karar\u0131 temyiz etme hakk\u0131na sahipken, Temmuz 2016\u2019da yeni bir kanun yolu y\u00fcr\u00fcrl\u00fc\u011f\u00fc girmi\u015ftir. Biz de yaln\u0131zca hukuk camias\u0131n\u0131 ilgilendiren g\u00fcncel bir konuyu de\u011fil, g\u00fcnden g\u00fcne T\u00fcrkiye\u2019yi adapte etmeye \u00e7al\u0131\u015ft\u0131\u011f\u0131m\u0131z \u201cAB kriterleri\u201d aras\u0131nda en \u00f6nemlisi olan hukuk sistemimizde uygulanmaya ba\u015flanan [&hellip;]<\/p><a\n                            href=\"https:\/\/www.eyuboglu.av.tr\/en\/turk-hukukunda-yeni-kanun-yolu\/\"\n                            class=\"eael-post-elements-readmore-btn\">Devam\u0131<\/a><\/div>\n                    <\/div><\/div><\/div>\n        <\/div>\n    <\/article><article class=\"eael-grid-post eael-post-grid-column\" data-id=\"759\">\n        <div class=\"eael-grid-post-holder\">\n            <div class=\"eael-grid-post-holder-inner\"><div class=\"eael-entry-wrapper\"><header class=\"eael-entry-header\"><h2 class=\"eael-entry-title\"><a\n                        class=\"eael-grid-post-link\"\n                        href=\"https:\/\/www.eyuboglu.av.tr\/en\/turk-hukukunda-tahkim-anlasmasinin-gecerliligi\/\"\n                        title=\"T\u00fcrk Hukukunda Tahkim Anla\u015fmas\u0131n\u0131n Ge\u00e7erlili\u011fi\">T\u00fcrk Hukukunda Tahkim Anla\u015fmas\u0131n\u0131n Ge\u00e7erlili\u011fi<\/a><\/h2><\/header><div class=\"eael-entry-content\">\n                        <div class=\"eael-grid-post-excerpt\"><p>T\u00dcRK HUKUKUNDA TAHK\u0130M ANLA\u015eMASININ GE\u00c7ERL\u0130L\u0130\u011e\u0130* Av. Ceren EYUBO\u011eLU** Tahkim uluslararas\u0131 karakterli ticari uyu\u015fmazl\u0131klar\u0131n en yayg\u0131n \u00e7\u00f6z\u00fcm yoludur. Tahkim usul\u00fcnde, do\u011fmu\u015f veya do\u011fabilecek olan uyu\u015fmazl\u0131klar\u0131n devlet yarg\u0131s\u0131 ile yani mahkemelerce de\u011fil, hakem ad\u0131 verilen ki\u015filerce \u00e7\u00f6z\u00fclmesi \u00f6ng\u00f6r\u00fclmek-tedir. Hakem kararlar\u0131 milli ve milli olmayan kararlar olarak ikiye ayr\u0131lmaktad\u0131r. Milli olmayan tahkim kararlar\u0131n\u0131n T\u00fcrkiye\u2019de icra edilebilmesi i\u00e7in tenfiz [&hellip;]<\/p><a\n                            href=\"https:\/\/www.eyuboglu.av.tr\/en\/turk-hukukunda-tahkim-anlasmasinin-gecerliligi\/\"\n                            class=\"eael-post-elements-readmore-btn\">Devam\u0131<\/a><\/div>\n                    <\/div><\/div><\/div>\n        <\/div>\n    <\/article><article class=\"eael-grid-post eael-post-grid-column\" data-id=\"757\">\n        <div class=\"eael-grid-post-holder\">\n            <div class=\"eael-grid-post-holder-inner\"><div class=\"eael-entry-wrapper\"><header class=\"eael-entry-header\"><h2 class=\"eael-entry-title\"><a\n                        class=\"eael-grid-post-link\"\n                        href=\"https:\/\/www.eyuboglu.av.tr\/en\/smk-ile-getirilen-yenilikler\/\"\n                        title=\"Smk \u0130le Getirilen Yenilikler\">Smk \u0130le Getirilen Yenilikler<\/a><\/h2><\/header><div class=\"eael-entry-content\">\n                        <div class=\"eael-grid-post-excerpt\"><p>SMK \u0130LE GET\u0130R\u0130LEN YEN\u0130L\u0130KLER 10 Ocak 2017 tarihli Resmi gazetede yay\u0131nlanan 6769 say\u0131l\u0131 Kanun, S\u0131nai M\u00fclkiyet haklar\u0131na ili\u015fkin olarak temel bir tak\u0131m de\u011fi\u015fiklikler ve yenilikler getirmi\u015ftir. Ekte yer alan a\u00e7\u0131klamalar\u0131m\u0131z, Kanun H\u00fckm\u00fcnde Kararnamelerde yer alan d\u00fczenlemelere g\u00f6re yenilik ve de\u011fi\u015fiklik i\u00e7eren metinlere ili\u015fkindir. S\u0131ras\u0131yla markalar, patentler, faydal\u0131 modeller ve ortak h\u00fck\u00fcmler olmak \u00fczere ayr\u0131 ba\u015fl\u0131klar [&hellip;]<\/p><a\n                            href=\"https:\/\/www.eyuboglu.av.tr\/en\/smk-ile-getirilen-yenilikler\/\"\n                            class=\"eael-post-elements-readmore-btn\">Devam\u0131<\/a><\/div>\n                    <\/div><\/div><\/div>\n        <\/div>\n    <\/article><article class=\"eael-grid-post eael-post-grid-column\" data-id=\"755\">\n        <div class=\"eael-grid-post-holder\">\n            <div class=\"eael-grid-post-holder-inner\"><div class=\"eael-entry-wrapper\"><header class=\"eael-entry-header\"><h2 class=\"eael-entry-title\"><a\n                        class=\"eael-grid-post-link\"\n                        href=\"https:\/\/www.eyuboglu.av.tr\/en\/6769-sayili-sinai-mulkiyet-kanununun-154-maddesi-uzerine-bir-degerlendirme\/\"\n                        title=\"6769 Say\u0131l\u0131 S\u0131nai M\u00fclkiyet Kanunu\u2019nun 154. Maddesi \u00dczerine Bir De\u011ferlendirme\">6769 Say\u0131l\u0131 S\u0131nai M\u00fclkiyet Kanunu\u2019nun 154. Maddesi \u00dczerine Bir De\u011ferlendirme<\/a><\/h2><\/header><div class=\"eael-entry-content\">\n                        <div class=\"eael-grid-post-excerpt\"><p>6769 Say\u0131l\u0131 S\u0131nai M\u00fclkiyet Kanunu\u2019nun 154. Maddesi \u00dczerine Bir De\u011ferlendirme \u00dclkemizde, 1995 y\u0131l\u0131nda y\u00fcr\u00fcrl\u00fc\u011fe giren Kanun H\u00fckm\u00fcnde Kararnameler, 21 y\u0131l s\u00fcre ile y\u00fcr\u00fcrl\u00fckte kalm\u0131\u015f, s\u0131nai m\u00fclkiyet sistemi ve k\u00fclt\u00fcr\u00fc, bu KHK lerle oturtulmaya \u00e7al\u0131\u015f\u0131lm\u0131\u015ft\u0131r. Aradan ge\u00e7en bu 21 y\u0131l i\u00e7inde, Anayasa Mahkemesince verilen iptal kararlar\u0131 ile KHK lerde ciddi eksiklikler olu\u015fmu\u015f, 4128 ve 5194 say\u0131l\u0131 [&hellip;]<\/p><a\n                            href=\"https:\/\/www.eyuboglu.av.tr\/en\/6769-sayili-sinai-mulkiyet-kanununun-154-maddesi-uzerine-bir-degerlendirme\/\"\n                            class=\"eael-post-elements-readmore-btn\">Devam\u0131<\/a><\/div>\n                    <\/div><\/div><\/div>\n        <\/div>\n    <\/article><article class=\"eael-grid-post eael-post-grid-column\" data-id=\"392\">\n        <div class=\"eael-grid-post-holder\">\n            <div class=\"eael-grid-post-holder-inner\"><div class=\"eael-entry-wrapper\"><header class=\"eael-entry-header\"><h2 class=\"eael-entry-title\"><a\n                        class=\"eael-grid-post-link\"\n                        href=\"https:\/\/www.eyuboglu.av.tr\/en\/markalarin-uluslararasi-tescili\/\"\n                        title=\"Markalar\u0131n Uluslararas\u0131 Tescili\">Markalar\u0131n Uluslararas\u0131 Tescili<\/a><\/h2><\/header><div class=\"eael-entry-content\">\n                        <div class=\"eael-grid-post-excerpt\"><p>MARKALARIN ULUSLARARASI TESC\u0130L\u0130 \u00a0\u00a0 EYUBO\u011eLU AVUKATLIK B\u00dcROSU \u00a02020-2021 Y\u0131l\u0131 Avukatl\u0131k Staj \u00d6devi \u00a0MADR\u0130D PROTOKOL\u00dc UYARINCA MARKALARIN ULUSLARARASI TESC\u0130L\u0130 \u00a0\u00a0Av. Aytin Arzum DEM\u0130REL \u00a0\u00a0 MADR\u0130D PROTOKOL\u00dc UYARINCA MARKALARIN ULUSLARARASI TESC\u0130L\u0130 Markalar\u0131n korunmas\u0131nda m\u00fclkilik ilkesi hakimdir. Bu ilke uyar\u0131nca, bir marka tescil edildi\u011fi \u00fclke ile s\u0131n\u0131rl\u0131 bir korumaya sahiptir. Bunun sonucunda birden fazla \u00fclkede markas\u0131n\u0131n korunmas\u0131 isteminde [&hellip;]<\/p><a\n                            href=\"https:\/\/www.eyuboglu.av.tr\/en\/markalarin-uluslararasi-tescili\/\"\n                            class=\"eael-post-elements-readmore-btn\">Devam\u0131<\/a><\/div>\n                    <\/div><\/div><\/div>\n        <\/div>\n    <\/article><article class=\"eael-grid-post eael-post-grid-column\" data-id=\"388\">\n        <div class=\"eael-grid-post-holder\">\n            <div class=\"eael-grid-post-holder-inner\"><div class=\"eael-entry-wrapper\"><header class=\"eael-entry-header\"><h2 class=\"eael-entry-title\"><a\n                        class=\"eael-grid-post-link\"\n                        href=\"https:\/\/www.eyuboglu.av.tr\/en\/patent-ve-faydali-model-belgelerinin-hukumsuzlugu-ve-tecavuz-halleri\/\"\n                        title=\"INVALIDITY OF THE PATENT VE UTILITY MODEL CERTIFICATES AND CIRCUMSTANCES OF INFRINGEMENT\">INVALIDITY OF THE PATENT VE UTILITY MODEL CERTIFICATES AND CIRCUMSTANCES OF INFRINGEMENT<\/a><\/h2><\/header><div class=\"eael-entry-content\">\n                        <div class=\"eael-grid-post-excerpt\"><p>Any patent or utility model application is filed by submitting, abstract, description, claims including the elements for which the protection is requested and if any, the drawings, attached to the petition filled properly and signed, to Turkish Patent Institute. If there are no deficiencies with respect to formal requirements, the application is under process since this stage.\nIf the said application is utility model application, upon the demand of application holder for early publication, the application is published immediately or after 18 months from the application (if any, from the priority date) and is opened to oppositions of the third parties. The application holder can change the description and claims of the said application before the certificate is granted, with the condition not to exceed (not to widen)the first scope of the application..[\u2026]<\/p><a\n                            href=\"https:\/\/www.eyuboglu.av.tr\/en\/patent-ve-faydali-model-belgelerinin-hukumsuzlugu-ve-tecavuz-halleri\/\"\n                            class=\"eael-post-elements-readmore-btn\">Devam\u0131<\/a><\/div>\n                    <\/div><\/div><\/div>\n        <\/div>\n    <\/article><article class=\"eael-grid-post eael-post-grid-column\" data-id=\"386\">\n        <div class=\"eael-grid-post-holder\">\n            <div class=\"eael-grid-post-holder-inner\"><div class=\"eael-entry-wrapper\"><header class=\"eael-entry-header\"><h2 class=\"eael-entry-title\"><a\n                        class=\"eael-grid-post-link\"\n                        href=\"https:\/\/www.eyuboglu.av.tr\/en\/taninmis-marka-kavramlari\/\"\n                        title=\"Tan\u0131nm\u0131\u015f Marka Kavramlar\u0131\">Tan\u0131nm\u0131\u015f Marka Kavramlar\u0131<\/a><\/h2><\/header><div class=\"eael-entry-content\">\n                        <div class=\"eael-grid-post-excerpt\"><p>TANINMI\u015e MARKA KAVRAMI, T\u00dcRK\u0130YE\u2019DE VE YURTDI\u015eINDA TANINMI\u015e MARKA UYGULAMALARI Marka tescili, marka uygulamalar ve markan\u0131n tan\u0131nm\u0131\u015fl\u0131\u011f\u0131 \u00f6nemli bir kavram olarak y\u0131llard\u0131r tart\u0131\u015f\u0131lmaktad\u0131r. Bug\u00fcn \u00fclkemizde y\u00fcr\u00fcrl\u00fckte olan ulusal ve uluslararas\u0131 mevzuat kapsam\u0131nda tan\u0131nm\u0131\u015f markalarla ilgili h\u00fck\u00fcmler s\u0131k\u00e7a tart\u0131\u015f\u0131lmaktad\u0131r. \u00d6zellikle Paris S\u00f6zle\u015fmesi ve bu S\u00f6zle\u015fme ile benimsenen h\u00fck\u00fcmleri yorumlay\u0131p geni\u015fleten D\u00fcnya Ticaret \u00d6rg\u00fct\u00fc (DT\u00d6) Kurulu\u015f Anla\u015fmas\u0131n\u0131n eki [&hellip;]<\/p><a\n                            href=\"https:\/\/www.eyuboglu.av.tr\/en\/taninmis-marka-kavramlari\/\"\n                            class=\"eael-post-elements-readmore-btn\">Devam\u0131<\/a><\/div>\n                    <\/div><\/div><\/div>\n        <\/div>\n    <\/article><article class=\"eael-grid-post eael-post-grid-column\" data-id=\"367\">\n        <div class=\"eael-grid-post-holder\">\n            <div class=\"eael-grid-post-holder-inner\"><div class=\"eael-entry-wrapper\"><header class=\"eael-entry-header\"><h2 class=\"eael-entry-title\"><a\n                        class=\"eael-grid-post-link\"\n                        href=\"https:\/\/www.eyuboglu.av.tr\/en\/t-11-15-suedtirol-karari\/\"\n                        title=\"T-11-15 SUEDTIROL\">T-11-15 SUEDTIROL<\/a><\/h2><\/header><div class=\"eael-entry-content\">\n                        <div class=\"eael-grid-post-excerpt\"><p>CO\u011eRAF\u0130 YER ADLARININ MARKA OLARAK KULLANAB\u0130L\u0130RL\u0130\u011e\u0130 \u2013AB Adalet Divan\u0131 Genel Mahkemesi\u2019nin 20 Temmuz 2016 tarihli SUEDTIROL karar\u0131 (T-11\/15) Avrupa Birli\u011fi Adalet Divan\u0131\u2019n\u0131n bu karar\u0131 co\u011frafi yer adlar\u0131n\u0131n marka olarak tescil edilebilirli\u011finin hangi ko\u015fullar alt\u0131nda m\u00fcmk\u00fcn oldu\u011funa ili\u015fkindir. INTERNET CONSULTING GmBH adl\u0131 bir \u0130talya \u015firketinin EUIPO nezdinde yapt\u0131\u011f\u0131 marka ba\u015fvurusu \u00fczerine, SUEDTIROL ibareli marka 35, 39 [&hellip;]<\/p><a\n                            href=\"https:\/\/www.eyuboglu.av.tr\/en\/t-11-15-suedtirol-karari\/\"\n                            class=\"eael-post-elements-readmore-btn\">Devam\u0131<\/a><\/div>\n                    <\/div><\/div><\/div>\n        <\/div>\n    <\/article><article class=\"eael-grid-post eael-post-grid-column\" data-id=\"362\">\n        <div class=\"eael-grid-post-holder\">\n            <div class=\"eael-grid-post-holder-inner\"><div class=\"eael-entry-wrapper\"><header class=\"eael-entry-header\"><h2 class=\"eael-entry-title\"><a\n                        class=\"eael-grid-post-link\"\n                        href=\"https:\/\/www.eyuboglu.av.tr\/en\/taninmis-marka-kriterleri\/\"\n                        title=\"THE CRITERIAS OF A WELL-KNOWN TRADEMARK\">THE CRITERIAS OF A WELL-KNOWN TRADEMARK<\/a><\/h2><\/header><div class=\"eael-entry-content\">\n                        <div class=\"eael-grid-post-excerpt\"><p>In this article, come up comments related to the various arrangements has been made about well-known trademarks in our legislation including the International Agreements that Turkey is a party, also the studies executed internationally.\nIn Turkey, the legislation in force concerning the protection of trademarks is the Decree Law No. 556 Pertaining To The Protection Of Trademarks, which has came into force by appearing in the Official Gazette dated 27.06.1995 numbered 22326. Article 7\/1-i of the Decree Law No. 556 has made an arrangement concerning that \u201ctrademarks which have not been authorised by their owners, well known marks according to 6bis of the Paris Convention\u201d cannot be registered. Article 7 of the Decree Law Numbered 556 has made arrangements concerning the absolute grounds for refusal of trademark registration. Absolute grounds for refusal are considered by Turkish Patent Instute sua sponte and in case of the existence of the grounds stated in this article, the application is decided to be refused.[\u2026]<\/p><a\n                            href=\"https:\/\/www.eyuboglu.av.tr\/en\/taninmis-marka-kriterleri\/\"\n                            class=\"eael-post-elements-readmore-btn\">Devam\u0131<\/a><\/div>\n                    <\/div><\/div><\/div>\n        <\/div>\n    <\/article><article class=\"eael-grid-post eael-post-grid-column\" data-id=\"206\">\n        <div class=\"eael-grid-post-holder\">\n            <div class=\"eael-grid-post-holder-inner\"><div class=\"eael-entry-wrapper\"><header class=\"eael-entry-header\"><h2 class=\"eael-entry-title\"><a\n                        class=\"eael-grid-post-link\"\n                        href=\"https:\/\/www.eyuboglu.av.tr\/en\/muvafakatname\/\"\n                        title=\"Muvafakatname\">Muvafakatname<\/a><\/h2><\/header><div class=\"eael-entry-content\">\n                        <div class=\"eael-grid-post-excerpt\"><p>EYUBO\u011eLU AVUKATLIK B\u00dcROSU 2018-2019 YILI AVUKATLIK STAJI \u00d6DEV\u0130 MUVAFAKATNAME Av. Turan KOCAKAYA 1 | S a y f a MUVAFAKATNAME \u201cLETTER OF CONSENT\u201d \u00d6Z Turan KOCAKAYA* 6769 Say\u0131l\u0131 S\u0131nai M\u00fclkiyet Kanunu (\u201cSMK\u201d) ile marka hukukumuza yeni bir uygulama alan\u0131 getiren muvafakatname, her yeni hukuki m\u00fcessese gibi bir\u00e7ok d\u00fc\u015f\u00fcn\u00fclmesi gereken \u015feyi de beraberinde getirmektedir. Mutlak ret [&hellip;]<\/p><a\n                            href=\"https:\/\/www.eyuboglu.av.tr\/en\/muvafakatname\/\"\n                            class=\"eael-post-elements-readmore-btn\">Devam\u0131<\/a><\/div>\n                    <\/div><\/div><\/div>\n        <\/div>\n    <\/article><article class=\"eael-grid-post eael-post-grid-column\" data-id=\"941\">\n        <div class=\"eael-grid-post-holder\">\n            <div class=\"eael-grid-post-holder-inner\"><div class=\"eael-entry-wrapper\"><header class=\"eael-entry-header\"><h2 class=\"eael-entry-title\"><a\n                        class=\"eael-grid-post-link\"\n                        href=\"https:\/\/www.eyuboglu.av.tr\/en\/nft-kavrami-ve-fikri-mulkiyet-hukuku-acisindan-degerlendirilmesi\/\"\n                        title=\"Nft Kavram\u0131 Ve Fikri M\u00fclkiyet Hukuku A\u00e7\u0131s\u0131ndan De\u011ferlendirilmesi\">Nft Kavram\u0131 Ve Fikri M\u00fclkiyet Hukuku A\u00e7\u0131s\u0131ndan De\u011ferlendirilmesi<\/a><\/h2><\/header><div class=\"eael-entry-content\">\n                        <div class=\"eael-grid-post-excerpt\"><p>NFT KAVRAMI VE F\u0130KR\u0130 M\u00dcLK\u0130YET HUKUKU A\u00c7ISINDAN DE\u011eERLEND\u0130R\u0130LMES\u0130 STJ. AV. N\u0130DA ORAL NFT KAVRAMI NFT (Non-Fungible Tokens) kavram\u0131, T\u00fcrk\u00e7e \u2019ye\u00a0misli olmayan kripto varl\u0131klar olarak \u00e7evrilmekte olup, Cumhurba\u015fkanl\u0131\u011f\u0131 Dijital D\u00f6n\u00fc\u015f\u00fcm Ofisi taraf\u0131ndan yap\u0131lan son a\u00e7\u0131klamada bu kavram\u0131n T\u00fcrk\u00e7e \u2019de \u201cNitelikli Fikr\u00ee Tapu\u201d olarak da kullan\u0131labilece\u011fi belirtilmi\u015ftir.[1] Geli\u015ftirilen \u00f6zel bir yaz\u0131l\u0131m protokol\u00fc (ERC 721)\u00a0ile sanal jetonlar\u0131n genel [&hellip;]<\/p><a\n                            href=\"https:\/\/www.eyuboglu.av.tr\/en\/nft-kavrami-ve-fikri-mulkiyet-hukuku-acisindan-degerlendirilmesi\/\"\n                            class=\"eael-post-elements-readmore-btn\">Devam\u0131<\/a><\/div>\n                    <\/div><\/div><\/div>\n        <\/div>\n    <\/article><\/div>\n            <div class=\"clearfix\"><\/div>\n        <\/div>\t\t<\/div>\n\t\t\t\t<\/div>\n\t\t\t\t\t<\/div>\n\t\t<\/div>\n\t\t\t\t\t\t\t<\/div>\n\t\t<\/section>\n\t\t\t\t\t\t\t<\/div>","protected":false},"excerpt":{"rendered":"<p>Makaleler \u00c7ALI\u015eAN BULU\u015eLARINDA ZORUNLU TAHK\u0130M 17.01.2017 tarihinde yay\u0131nlanarak y\u00fcr\u00fcrl\u00fc\u011fe giren 6769 say\u0131l\u0131 S\u0131nai M\u00fclkiyet Kanununun 115\/11 bendinde yer alan, \u201c\u00c7al\u0131\u015fan bulu\u015flar\u0131 ile ilgili bedel tarifesi ve uyu\u015fmazl\u0131k h\u00e2linde izlenecek tahkim usul\u00fc y\u00f6netmelikle belirlenir\u201d d\u00fczenlemesi ile, \u00e7al\u0131\u015fan bulu\u015flar\u0131 ile ilgili uyu\u015fmazl\u0131klar\u0131n ZORUNLU TAHK\u0130M yoluyla \u00e7\u00f6z\u00fclmesi gereklili\u011fi ortaya koyulmu\u015ftur. Maddede s\u00f6z edilen TAHK\u0130M usul\u00fc, 29.09.2017 tarihli Resmi [&hellip;]<\/p>","protected":false},"author":1,"featured_media":0,"parent":0,"menu_order":0,"comment_status":"closed","ping_status":"closed","template":"","meta":[],"_links":{"self":[{"href":"https:\/\/www.eyuboglu.av.tr\/en\/wp-json\/wp\/v2\/pages\/166"}],"collection":[{"href":"https:\/\/www.eyuboglu.av.tr\/en\/wp-json\/wp\/v2\/pages"}],"about":[{"href":"https:\/\/www.eyuboglu.av.tr\/en\/wp-json\/wp\/v2\/types\/page"}],"author":[{"embeddable":true,"href":"https:\/\/www.eyuboglu.av.tr\/en\/wp-json\/wp\/v2\/users\/1"}],"replies":[{"embeddable":true,"href":"https:\/\/www.eyuboglu.av.tr\/en\/wp-json\/wp\/v2\/comments?post=166"}],"version-history":[{"count":46,"href":"https:\/\/www.eyuboglu.av.tr\/en\/wp-json\/wp\/v2\/pages\/166\/revisions"}],"predecessor-version":[{"id":1129,"href":"https:\/\/www.eyuboglu.av.tr\/en\/wp-json\/wp\/v2\/pages\/166\/revisions\/1129"}],"wp:attachment":[{"href":"https:\/\/www.eyuboglu.av.tr\/en\/wp-json\/wp\/v2\/media?parent=166"}],"curies":[{"name":"wp","href":"https:\/\/api.w.org\/{rel}","templated":true}]}}